{"id":595,"date":"2020-11-01T17:31:15","date_gmt":"2020-11-01T15:31:15","guid":{"rendered":"https:\/\/vondelmolen.be\/sitemap\/"},"modified":"2022-09-13T13:16:30","modified_gmt":"2022-09-13T11:16:30","slug":"sitemap","status":"publish","type":"page","link":"https:\/\/www.vondelmolen.be\/fr\/sitemap\/","title":{"rendered":"Sitemap"},"content":{"rendered":"<div class=\"wsp-container\"><h2 class=\"wsp-pages-title\">Pages<\/h2>\n<ul class=\"wsp-pages-list\">\n<li class=\"page_item page-item-579 page_item_has_children\"><a href=\"https:\/\/www.vondelmolen.be\/fr\/a-propos-de-nous\/\">A propos de nous<\/a>\n<ul class='children'>\n\t<li class=\"page_item page-item-4655\"><a href=\"https:\/\/www.vondelmolen.be\/fr\/a-propos-de-nous\/durabilite\/\">Durabilit\u00e9<\/a><\/li>\n\t<li class=\"page_item page-item-4743\"><a href=\"https:\/\/www.vondelmolen.be\/fr\/a-propos-de-nous\/notre-histoire\/\">Notre histoire<\/a><\/li>\n<\/ul>\n<\/li>\n<li class=\"page_item page-item-868\"><a href=\"https:\/\/www.vondelmolen.be\/fr\/binnenpagina\/\">Binnenpagina<\/a><\/li>\n<li class=\"page_item page-item-593\"><a href=\"https:\/\/www.vondelmolen.be\/fr\/contact\/\">Contact<\/a><\/li>\n<li class=\"page_item page-item-598\"><a href=\"https:\/\/www.vondelmolen.be\/fr\/cookie-policy\/\">Cookie Policy<\/a><\/li>\n<li class=\"page_item page-item-699\"><a href=\"https:\/\/www.vondelmolen.be\/fr\/desistement\/\">Disclaimer<\/a><\/li>\n<li class=\"page_item page-item-4735\"><a href=\"https:\/\/www.vondelmolen.be\/fr\/entreprise\/\">Corporate<\/a><\/li>\n<li class=\"page_item page-item-605\"><a href=\"https:\/\/www.vondelmolen.be\/fr\/\">Home<\/a><\/li>\n<li class=\"page_item page-item-4999\"><a href=\"https:\/\/www.vondelmolen.be\/fr\/merci\/\">Merci Newsletter!<\/a><\/li>\n<li class=\"page_item page-item-583\"><a href=\"https:\/\/www.vondelmolen.be\/fr\/merci-2\/\">Merci!<\/a><\/li>\n<li class=\"page_item page-item-521 current_page_parent\"><a href=\"https:\/\/www.vondelmolen.be\/fr\/nieuws\/\">Nieuws<\/a><\/li>\n<li class=\"page_item page-item-603\"><a href=\"https:\/\/www.vondelmolen.be\/fr\/privacy-policy\/\">Privacy Policy<\/a><\/li>\n<li class=\"page_item page-item-595\"><a href=\"https:\/\/www.vondelmolen.be\/fr\/sitemap\/\">Sitemap<\/a><\/li>\n<li class=\"page_item page-item-4745\"><a href=\"https:\/\/www.vondelmolen.be\/fr\/tout-sur-le-pain-d-epices\/\">Tout sur le pain d\u2019\u00e9pices<\/a><\/li>\n<\/ul>\n<h2 class=\"wsp-posts-title\">Articles par cat\u00e9gorie<\/h2>\n<ul class=\"wsp-posts-list\">\n\t<li><strong class=\"wsp-category-title\">Cat\u00e9gorie\u00a0: <a href=\"https:\/\/www.vondelmolen.be\/fr\/nouvelles\/general\/\">G\u00e9n\u00e9ral<\/a><\/strong>\n<ul class=\"wsp-posts-list\">\t\t<li class=\"wsp-post\"><a href=\"https:\/\/www.vondelmolen.be\/fr\/15ieme-annee-laureat-charte-entreprise-durable\/\">15i\u00e8me ann\u00e9e laur\u00e9at Charte Entreprise Durable<\/a><\/li>\n\t\t<li class=\"wsp-post\"><a href=\"https:\/\/www.vondelmolen.be\/fr\/nouvelles\/alexander-de-croo-bezoekt-vondelmolen\/\">Alexander de Croo visite Vondelmolen<\/a><\/li>\n\t\t<li class=\"wsp-post\"><a href=\"https:\/\/www.vondelmolen.be\/fr\/alexander-de-croo-bezoekt-vondelmolen-2\/\">Alexander de Croo visite Vondelmolen<\/a><\/li>\n\t\t<li class=\"wsp-post\"><a href=\"https:\/\/www.vondelmolen.be\/fr\/certificat-objectifs-de-developpement-durable\/\">Certificat &lsquo;Objectifs de d\u00e9veloppement durable&rsquo;<\/a><\/li>\n\t\t<li class=\"wsp-post\"><a href=\"https:\/\/www.vondelmolen.be\/fr\/nouvelles\/la-3e-edition-de-la-marche-de-vondelmolen-a-ete-un-enorme-succes\/\">La 3i\u00e8me \u00e9dition de la marche de Vondelmolen a \u00e9t\u00e9 un \u00e9norme succ\u00e8s<\/a><\/li>\n\t\t<li class=\"wsp-post\"><a href=\"https:\/\/www.vondelmolen.be\/fr\/le-parc-de-camion-citernes-entierement-en-fonction\/\">Le nouveau parc de citernes enti\u00e8rement en fonction<\/a><\/li>\n\t\t<li class=\"wsp-post\"><a href=\"https:\/\/www.vondelmolen.be\/fr\/silos-a-farine-additionnels\/\">silos \u00e0 farine additionnels<\/a><\/li>\n\t\t<li class=\"wsp-post\"><a href=\"https:\/\/www.vondelmolen.be\/fr\/nouvelles\/un-nouveau-four-chez-vondelmolen\/\">Un nouveau four chez Vondelmolen<\/a><\/li>\n\t\t<li class=\"wsp-post\"><a href=\"https:\/\/www.vondelmolen.be\/fr\/un-nouveau-four-chez-vondelmolen-2\/\">Un nouveau four chez Vondelmolen<\/a><\/li>\n<\/ul><\/li>\n<\/ul>\n<h2 class=\"wsp-products-title\">Produits<\/h2>\n<ul class=\"wsp-products-list\">\n<li><a href=\"https:\/\/www.vondelmolen.be\/fr\/produits\/pain-depices-500g\/\">Pain d'\u00e9pices 500 g<\/a><\/li>\n<li><a href=\"https:\/\/www.vondelmolen.be\/fr\/produits\/pain-depices-au-sucre-perle\/\">Pain d\u2019\u00e9pices au sucre perl\u00e9 500 g<\/a><\/li>\n<li><a href=\"https:\/\/www.vondelmolen.be\/fr\/produits\/pain-depices-au-miel\/\">Pain d'\u00e9pices au miel 500 g<\/a><\/li>\n<li><a href=\"https:\/\/www.vondelmolen.be\/fr\/produits\/pain-depices-au-miel-et-sucre-perle\/\">Pain d\u2019\u00e9pices au miel et sucre perl\u00e9 500 g<\/a><\/li>\n<li><a href=\"https:\/\/www.vondelmolen.be\/fr\/produits\/pain-depices-au-sucre-perle-6x2\/\">Pain d'\u00e9pices au sucre perl\u00e9 6 x 40 g<\/a><\/li>\n<li><a href=\"https:\/\/www.vondelmolen.be\/fr\/produits\/pain-depices-au-sucre-perle-40g\/\">Pain d'\u00e9pices au sucre perl\u00e9 40 g<\/a><\/li>\n<li><a href=\"https:\/\/www.vondelmolen.be\/fr\/produits\/pain-depices-au-sucre-perle-20g\/\">Pain d'\u00e9pices au sucre perl\u00e9 20 g<\/a><\/li>\n<li><a href=\"https:\/\/www.vondelmolen.be\/fr\/produits\/peperkoek-met-fructose-3\/\">Pain d'\u00e9pices au fructose 40 g<\/a><\/li>\n<li><a href=\"https:\/\/www.vondelmolen.be\/fr\/produits\/pain-depices-40g\/\">Pain d'\u00e9pices 40 g<\/a><\/li>\n<li><a href=\"https:\/\/www.vondelmolen.be\/fr\/produits\/pain-depices-aux-fruits\/\">Pain d'\u00e9pices aux fruits 350 g<\/a><\/li>\n<li><a href=\"https:\/\/www.vondelmolen.be\/fr\/produits\/pain-depices-biologique-300g\/\">Pain d'\u00e9pices biologique 300 g<\/a><\/li>\n<li><a href=\"https:\/\/www.vondelmolen.be\/fr\/produits\/pain-depices-au-fructose\/\">Pain d'\u00e9pices au fructose 300 g<\/a><\/li>\n<li><a href=\"https:\/\/www.vondelmolen.be\/fr\/produits\/coeur-de-pain-depices-au-miel-et-sucre-perle-2\/\">Coeur de pain d'\u00e9pices au miel et sucre perl\u00e9 250 g<\/a><\/li>\n<li><a href=\"https:\/\/www.vondelmolen.be\/fr\/produits\/coeur-de-pain-depices-au-miel-et-sucre-perle\/\">Coeur de pain d'\u00e9pices au miel et sucre perl\u00e9 400 g<\/a><\/li>\n<li><a href=\"https:\/\/www.vondelmolen.be\/fr\/produits\/pain-depices-a-lancienne-miel\/\">Pain d'\u00e9pices \u00e0 l'ancienne au miel 400 g<\/a><\/li>\n<li><a href=\"https:\/\/www.vondelmolen.be\/fr\/produits\/pain-depices-toast-au-miel\/\">Pain d'\u00e9pices toast au miel 150 g<\/a><\/li>\n<li><a href=\"https:\/\/www.vondelmolen.be\/fr\/produits\/pain-depices-a-lancienne-au-gingembre\/\">Pain d'\u00e9pices \u00e0 l'ancienne, au gingembre 400 g<\/a><\/li>\n<li><a href=\"https:\/\/www.vondelmolen.be\/fr\/produits\/pain-depices-aux-figues-et-noix\/\">Pain d'\u00e9pices aux figues et noix 150 g<\/a><\/li>\n<li><a href=\"https:\/\/www.vondelmolen.be\/fr\/produits\/pain-depices-averbode-au-miel-et-aux-noix\/\">Pain d'\u00e9pices Averbode au miel et aux noix 400 g<\/a><\/li>\n<li><a href=\"https:\/\/www.vondelmolen.be\/fr\/produits\/averbode-toast-au-miel-noix-et-figues\/\">Averbode  toast au miel, noix et figues 150 g<\/a><\/li>\n<li><a href=\"https:\/\/www.vondelmolen.be\/fr\/produits\/pain-depices-couque-dinant-au-miel\/\">Pain d'\u00e9pices Couque Dinant au miel 500 g<\/a><\/li>\n<li><a href=\"https:\/\/www.vondelmolen.be\/fr\/produits\/couque-dinant-au-miel-et-sucre-perle\/\">Pain d'\u00e9pices Couque Dinant au miel et sucre perl\u00e9 500 g<\/a><\/li>\n<\/ul>\n<h2 class=\"wsp-recipes-title\">Recettes<\/h2>\n<ul class=\"wsp-recipes-list\">\n<li><a href=\"https:\/\/www.vondelmolen.be\/fr\/recettes\/train-a-vapeur-en-pain-depices\/\">Train \u00e0 vapeur en pain d'\u00e9pices<\/a><\/li>\n<li><a href=\"https:\/\/www.vondelmolen.be\/fr\/recettes\/moulin-en-pain-depices\/\">Moulin en pain d'\u00e9pices<\/a><\/li>\n<li><a href=\"https:\/\/www.vondelmolen.be\/fr\/recettes\/mousse-de-mascarpone-a-lorange-au-pain-depices\/\">Mousse de mascarpone \u00e0 l'orange au pain d'\u00e9pices<\/a><\/li>\n<li><a href=\"https:\/\/www.vondelmolen.be\/fr\/recettes\/hibou-en-pain-depices\/\">Hibou en pain d'\u00e9pices<\/a><\/li>\n<li><a href=\"https:\/\/www.vondelmolen.be\/fr\/recettes\/tiramisu-aux-framboises\/\">Tiramisu aux framboises<\/a><\/li>\n<li><a href=\"https:\/\/www.vondelmolen.be\/fr\/recettes\/toast-de-pain-depices-et-des-chicons-confits\/\">Toast de pain d'\u00e9pices et des chicons confits<\/a><\/li>\n<li><a href=\"https:\/\/www.vondelmolen.be\/fr\/recettes\/fromage-de-chevre-au-mangue-et-croquant-de-pain-depices\/\">Fromage de ch\u00e8vre au mangue et croquant de pain d\u2019\u00e9pices<\/a><\/li>\n<li><a href=\"https:\/\/www.vondelmolen.be\/fr\/recettes\/canape-au-saumon-fume-et-fromage-aux-fines-herbes\/\">Canap\u00e9 au saumon fum\u00e9 et fromage aux fines herbes<\/a><\/li>\n<li><a href=\"https:\/\/www.vondelmolen.be\/fr\/recettes\/voiture-en-pain-depices\/\">Voiture en pain d'\u00e9pices<\/a><\/li>\n<li><a href=\"https:\/\/www.vondelmolen.be\/fr\/recettes\/mini-gateau-aux-bonbons\/\">Mini-g\u00e2teau aux bonbons<\/a><\/li>\n<li><a href=\"https:\/\/www.vondelmolen.be\/fr\/recettes\/cabillaud-en-croute-de-pain-depices\/\">Cabillaud en cro\u00fbte de pain d'\u00e9pices<\/a><\/li>\n<li><a href=\"https:\/\/www.vondelmolen.be\/fr\/recettes\/courge-butternut-sautee-au-crumble-de-pain-depices\/\">Courge butternut saut\u00e9e au crumble de pain d'\u00e9pices<\/a><\/li>\n<li><a href=\"https:\/\/www.vondelmolen.be\/fr\/recettes\/magrait-de-canard-laque-au-pain-depices\/\">Magrait de canard laqu\u00e9 au pain d'\u00e9pices<\/a><\/li>\n<li><a href=\"https:\/\/www.vondelmolen.be\/fr\/recettes\/salade-de-potiron-et-jambon-sec\/\">Salade de potiron et jambon sec<\/a><\/li>\n<li><a href=\"https:\/\/www.vondelmolen.be\/fr\/recettes\/filet-mignon-de-porc-a-la-creme-de-panais\/\">Filet mignon de porc \u00e0 la cr\u00e8me de panais<\/a><\/li>\n<li><a href=\"https:\/\/www.vondelmolen.be\/fr\/recettes\/fish-sticks\/\">Fish sticks<\/a><\/li>\n<li><a href=\"https:\/\/www.vondelmolen.be\/fr\/recettes\/granola\/\">Granola<\/a><\/li>\n<li><a href=\"https:\/\/www.vondelmolen.be\/fr\/recettes\/cailles-farcies\/\">Cailles farcies<\/a><\/li>\n<li><a href=\"https:\/\/www.vondelmolen.be\/fr\/recettes\/creme-brulee\/\">Cr\u00e8me br\u00fbl\u00e9e<\/a><\/li>\n<li><a href=\"https:\/\/www.vondelmolen.be\/fr\/recettes\/ananas-grille-a-la-sauce-de-pain-depices\/\">Ananas grill\u00e9 \u00e0 la sauce de pain d'\u00e9pices<\/a><\/li>\n<li><a href=\"https:\/\/www.vondelmolen.be\/fr\/recettes\/sucettes-de-pain-depices\/\">Sucettes de pain d'\u00e9pices<\/a><\/li>\n<li><a href=\"https:\/\/www.vondelmolen.be\/fr\/recettes\/glace-au-pain-depices\/\">Glace au pain d'\u00e9pices<\/a><\/li>\n<li><a href=\"https:\/\/www.vondelmolen.be\/fr\/recettes\/pots-de-fleurs-en-pain-depices\/\">Pots de fleurs en pain d'\u00e9pices<\/a><\/li>\n<li><a href=\"https:\/\/www.vondelmolen.be\/fr\/recettes\/batonnets-de-pain-depices\/\">B\u00e2tonnets de pain d'\u00e9pices<\/a><\/li>\n<li><a href=\"https:\/\/www.vondelmolen.be\/fr\/recettes\/croque-a-la-banane\/\">Croque \u00e0 la banane<\/a><\/li>\n<li><a href=\"https:\/\/www.vondelmolen.be\/fr\/recettes\/cocotte-de-poulet-a-lorientale\/\">Cocotte de poulet \u00e0 l'orientale<\/a><\/li>\n<li><a href=\"https:\/\/www.vondelmolen.be\/fr\/recettes\/decorations-de-noel\/\">D\u00e9corations de No\u00ebl<\/a><\/li>\n<li><a href=\"https:\/\/www.vondelmolen.be\/fr\/recettes\/tiramisu-aux-fruits-rouges\/\">Tiramisu aux fruits rouges<\/a><\/li>\n<li><a href=\"https:\/\/www.vondelmolen.be\/fr\/recettes\/meringue-avec-de-lananas-grille-et-pain-depices\/\">Meringue avec de l\u2019ananas grill\u00e9 et pain d\u2019\u00e9pices<\/a><\/li>\n<li><a href=\"https:\/\/www.vondelmolen.be\/fr\/recettes\/vlaaien\/\">Vlaaien<\/a><\/li>\n<li><a href=\"https:\/\/www.vondelmolen.be\/fr\/recettes\/mesclun-aux-croutons-de-pain-depices\/\">Mesclun aux cro\u00fbtons de pain d'\u00e9pices<\/a><\/li>\n<li><a href=\"https:\/\/www.vondelmolen.be\/fr\/recettes\/pates-au-fromage-de-chevre-lardons-et-croutons-de-pain-depices\/\">P\u00e2tes au fromage de ch\u00e8vre, lardons et cro\u00fbtons de pain d'\u00e9pices<\/a><\/li>\n<li><a href=\"https:\/\/www.vondelmolen.be\/fr\/recettes\/carpaccio-de-rosbif-a-la-waldorf\/\">Carpaccio de rosbif \u00e0 la Waldorf<\/a><\/li>\n<li><a href=\"https:\/\/www.vondelmolen.be\/fr\/recettes\/carbonades-a-la-flamande\/\">Carbonades \u00e0 la flamande<\/a><\/li>\n<li><a href=\"https:\/\/www.vondelmolen.be\/fr\/recettes\/potage-de-potiron-aux-croutons-de-pain-depices\/\">Potage de potiron aux croutons de pain d'\u00e9pices<\/a><\/li>\n<li><a href=\"https:\/\/www.vondelmolen.be\/fr\/recettes\/verrines-au-boudin-noir-pommes-pain-depices-et-roquefort\/\">Verrines au boudin noir, pommes, pain d'\u00e9pices et Roquefort<\/a><\/li>\n<li><a href=\"https:\/\/www.vondelmolen.be\/fr\/recettes\/verrines-de-pain-depices-vondelmolen-et-roquefort\/\">Verrines de pain d'\u00e9pices Vondelmolen et Roquefort<\/a><\/li>\n<li><a href=\"https:\/\/www.vondelmolen.be\/fr\/recettes\/toast-pain-depices-roquefort-confiture-doignons-et-noix\/\">Toast pain d'\u00e9pices, Roquefort, confiture d'oignons et noix<\/a><\/li>\n<li><a href=\"https:\/\/www.vondelmolen.be\/fr\/recettes\/amuse-bouche-au-roquefort-pain-depices-et-raisins\/\">Amuse-bouche au Roquefort, pain d'\u00e9pices et raisins<\/a><\/li>\n<li><a href=\"https:\/\/www.vondelmolen.be\/fr\/recettes\/pain-depices-camembert-noix-et-miel\/\">Pain d'\u00e9pices, Camembert, noix et miel<\/a><\/li>\n<li><a href=\"https:\/\/www.vondelmolen.be\/fr\/recettes\/croque-monsieur-de-pain-depices-aux-chicons-et-fromage\/\">Croque monsieur de pain d'\u00e9pices aux chicons et fromage<\/a><\/li>\n<li><a href=\"https:\/\/www.vondelmolen.be\/fr\/recettes\/poires-aux-galettes-de-pain-depices\/\">Poires aux galettes de pain d'\u00e9pices<\/a><\/li>\n<li><a href=\"https:\/\/www.vondelmolen.be\/fr\/recettes\/chapelure-de-pain-depices\/\">Chapelure de pain d'\u00e9pices<\/a><\/li>\n<li><a href=\"https:\/\/www.vondelmolen.be\/fr\/recettes\/bouchee-de-pate-de-gibier\/\">Bouch\u00e9e de pat\u00e9 de gibier<\/a><\/li>\n<li><a href=\"https:\/\/www.vondelmolen.be\/fr\/recettes\/maison-en-pain-depices\/\">Maison en pain d'\u00e9pices<\/a><\/li>\n<li><a href=\"https:\/\/www.vondelmolen.be\/fr\/recettes\/soupe-a-loignon\/\">Soupe \u00e0 l'oignon<\/a><\/li>\n<li><a href=\"https:\/\/www.vondelmolen.be\/fr\/recettes\/courge-butternut-sautee-au-crumble-de-pain-depices-2\/\">Courge butternut saut\u00e9e au crumble de pain d'\u00e9pices<\/a><\/li>\n<\/ul>\n<h2 class=\"wsp-faqs-title\">FAQ<\/h2>\n<ul class=\"wsp-faqs-list\">\n<li><a href=\"https:\/\/www.vondelmolen.be\/fr\/faq\/le-pain-depices-a-t-il-une-teneur-elevee-en-sucre\/\">Le pain d'\u00e9pices a-t-il une teneur \u00e9lev\u00e9e en sucre ?<\/a><\/li>\n<li><a href=\"https:\/\/www.vondelmolen.be\/fr\/faq\/quels-sont-les-ingredients-du-pain-depices\/\">Quels sont les ingr\u00e9dients du pain d'\u00e9pices ?<\/a><\/li>\n<li><a href=\"https:\/\/www.vondelmolen.be\/fr\/faq\/le-pain-depices-contient-il-du-poivre-en-neerlandais-pain-depices-se-dit-peperkoek-et-peper-signifie-poivre\/\">Le pain d\u2019\u00e9pices contient-il du poivre ? (En n\u00e9erlandais, pain d'\u00e9pices se dit \u2018peperkoek\u2019 et \u2018peper\u2019 signifie \u2018poivre\u2019).<\/a><\/li>\n<li><a href=\"https:\/\/www.vondelmolen.be\/fr\/faq\/le-pain-depices-est-il-sain\/\">Le pain d'\u00e9pices est-il sain ?<\/a><\/li>\n<li><a href=\"https:\/\/www.vondelmolen.be\/fr\/faq\/le-pain-depices-est-il-plus-sain-que-dautres-biscuits\/\">Le pain d'\u00e9pices est-il plus sain que d\u2019autres biscuits ?<\/a><\/li>\n<li><a href=\"https:\/\/www.vondelmolen.be\/fr\/faq\/le-pain-depices-est-il-bon-pour-les-sportifs\/\">Le pain d'\u00e9pices est-il bon pour les sportifs ?<\/a><\/li>\n<li><a href=\"https:\/\/www.vondelmolen.be\/fr\/faq\/le-pain-depices-est-il-bon-pour-le-transit-intestinal\/\">Le pain d'\u00e9pices est-il bon pour le transit intestinal ?<\/a><\/li>\n<li><a href=\"https:\/\/www.vondelmolen.be\/fr\/faq\/le-pain-depices-est-il-vegetarien-ou-vegan\/\">Le pain d'\u00e9pices est-il v\u00e9g\u00e9tarien ou v\u00e9gan ?<\/a><\/li>\n<li><a href=\"https:\/\/www.vondelmolen.be\/fr\/faq\/le-pain-depices-est-il-sans-gluten\/\">Le pain d'\u00e9pices est-il \u2018sans gluten\u2019 ?<\/a><\/li>\n<li><a href=\"https:\/\/www.vondelmolen.be\/fr\/faq\/le-pain-depices-contient-il-du-lactose\/\">Le pain d'\u00e9pices contient-il du lactose ?<\/a><\/li>\n<li><a href=\"https:\/\/www.vondelmolen.be\/fr\/faq\/le-pain-depices-contient-il-des-oeufs\/\">Le pain d\u2019\u00e9pices contient-il des \u0153ufs ?<\/a><\/li>\n<li><a href=\"https:\/\/www.vondelmolen.be\/fr\/faq\/quels-sont-les-allergenes-presents-dans-le-pain-depices\/\">Quels sont les allerg\u00e8nes pr\u00e9sents dans le pain d'\u00e9pices ?<\/a><\/li>\n<li><a href=\"https:\/\/www.vondelmolen.be\/fr\/faq\/vondelmolen-est-elle-une-entreprise-belge\/\">Vondelmolen est-elle une entreprise belge ?<\/a><\/li>\n<li><a href=\"https:\/\/www.vondelmolen.be\/fr\/faq\/existe-t-il-du-pain-depices-sans-sucre\/\">Existe-t-il du pain d'\u00e9pices sans sucre ?<\/a><\/li>\n<li><a href=\"https:\/\/www.vondelmolen.be\/fr\/faq\/je-ne-trouve-plus-mon-pain-depices-prefere-en-magasin-ou-en-trouver\/\">Je ne trouve plus mon pain d'\u00e9pices pr\u00e9f\u00e9r\u00e9 en magasin. O\u00f9 en trouver ?<\/a><\/li>\n<li><a href=\"https:\/\/www.vondelmolen.be\/fr\/faq\/comment-est-fabrique-le-pain-depices\/\">Comment est fabriqu\u00e9 le pain d'\u00e9pices ?<\/a><\/li>\n<li><a href=\"https:\/\/www.vondelmolen.be\/fr\/faq\/est-il-possible-de-preparer-du-pain-depices-soi-meme\/\">Est-il possible de pr\u00e9parer du pain d'\u00e9pices soi-m\u00eame ?<\/a><\/li>\n<li><a href=\"https:\/\/www.vondelmolen.be\/fr\/faq\/le-pain-depices-convient-ils-aux-animaux-domestiques\/\">Le pain d'\u00e9pices convient-ils aux animaux domestiques ?<\/a><\/li>\n<li><a href=\"https:\/\/www.vondelmolen.be\/fr\/faq\/existe-il-aussi-des-coeurs-en-pain-depices\/\">Existe-il aussi des c\u0153urs en pain d'\u00e9pices ?<\/a><\/li>\n<li><a href=\"https:\/\/www.vondelmolen.be\/fr\/faq\/depuis-quand-le-pain-depices-existe-t-il\/\">Depuis quand le pain d'\u00e9pices existe-t-il ?<\/a><\/li>\n<li><a href=\"https:\/\/www.vondelmolen.be\/fr\/faq\/y-a-t-il-une-difference-entre-le-pain-depices-belge-et-le-pain-depices-hollandais\/\">Y a-t-il une diff\u00e9rence entre le pain d'\u00e9pices belge et le pain d'\u00e9pices hollandais ?<\/a><\/li>\n<li><a href=\"https:\/\/www.vondelmolen.be\/fr\/faq\/combien-de-varietes-de-pain-depices-existe-t-il\/\">Combien de vari\u00e9t\u00e9s de pain d'\u00e9pices existe-t-il ?<\/a><\/li>\n<\/ul>\n<h2 class=\"wsp-recipe_cats-title\">Cat\u00e9gories de recettes<\/h2>\n<ul class=\"wsp-recipe_cats-list\">\n<li><a href=\"https:\/\/www.vondelmolen.be\/fr\/recettes\/plats\/\">Plats<\/a><\/li>\n<li><a href=\"https:\/\/www.vondelmolen.be\/fr\/recettes\/plats\/entree\/\">Entr\u00e9e<\/a><\/li>\n<li><a href=\"https:\/\/www.vondelmolen.be\/fr\/recettes\/plats\/aperitif-plats\/\">Ap\u00e9ritif<\/a><\/li>\n<li><a href=\"https:\/\/www.vondelmolen.be\/fr\/recettes\/plats\/plat-principal\/\">Plat principal<\/a><\/li>\n<li><a href=\"https:\/\/www.vondelmolen.be\/fr\/recettes\/plats\/collations\/\">Collations<\/a><\/li>\n<li><a href=\"https:\/\/www.vondelmolen.be\/fr\/recettes\/plats\/dessert-plats\/\">Dessert<\/a><\/li>\n<li><a href=\"https:\/\/www.vondelmolen.be\/fr\/recettes\/plats\/bricolage\/\">Bricolage<\/a><\/li>\n<li><a href=\"https:\/\/www.vondelmolen.be\/fr\/recettes\/plats\/petit-dejeuner\/\">Petit d\u00e9jeuner<\/a><\/li>\n<li><a href=\"https:\/\/www.vondelmolen.be\/fr\/recettes\/creatif\/\">Cr\u00e9atif<\/a><\/li>\n<\/ul>\n<\/div>\n","protected":false},"excerpt":{"rendered":"","protected":false},"author":1,"featured_media":0,"parent":0,"menu_order":0,"comment_status":"closed","ping_status":"closed","template":"","meta":{"_acf_changed":false,"inline_featured_image":false,"footnotes":""},"class_list":["post-595","page","type-page","status-publish","hentry"],"acf":[],"yoast_head":"<!-- This site is optimized with the Yoast SEO plugin v27.0 - https:\/\/yoast.com\/product\/yoast-seo-wordpress\/ -->\n<title>Sitemap - Vondelmolen<\/title>\n<meta name=\"robots\" content=\"index, follow, max-snippet:-1, max-image-preview:large, max-video-preview:-1\" \/>\n<link rel=\"canonical\" href=\"https:\/\/www.vondelmolen.be\/fr\/sitemap\/\" \/>\n<meta property=\"og:locale\" content=\"fr_FR\" \/>\n<meta property=\"og:type\" content=\"article\" \/>\n<meta property=\"og:title\" content=\"Sitemap - Vondelmolen\" \/>\n<meta property=\"og:url\" content=\"https:\/\/www.vondelmolen.be\/fr\/sitemap\/\" \/>\n<meta property=\"og:site_name\" content=\"Vondelmolen\" \/>\n<meta property=\"article:publisher\" content=\"https:\/\/www.facebook.com\/vondelmolen\" \/>\n<meta property=\"article:modified_time\" content=\"2022-09-13T11:16:30+00:00\" \/>\n<meta name=\"twitter:card\" content=\"summary_large_image\" \/>\n<script type=\"application\/ld+json\" class=\"yoast-schema-graph\">{\"@context\":\"https:\/\/schema.org\",\"@graph\":[{\"@type\":\"WebPage\",\"@id\":\"https:\/\/www.vondelmolen.be\/fr\/sitemap\/\",\"url\":\"https:\/\/www.vondelmolen.be\/fr\/sitemap\/\",\"name\":\"Sitemap - Vondelmolen\",\"isPartOf\":{\"@id\":\"https:\/\/www.vondelmolen.be\/fr\/#website\"},\"datePublished\":\"2020-11-01T15:31:15+00:00\",\"dateModified\":\"2022-09-13T11:16:30+00:00\",\"breadcrumb\":{\"@id\":\"https:\/\/www.vondelmolen.be\/fr\/sitemap\/#breadcrumb\"},\"inLanguage\":\"fr-FR\",\"potentialAction\":[{\"@type\":\"ReadAction\",\"target\":[\"https:\/\/www.vondelmolen.be\/fr\/sitemap\/\"]}]},{\"@type\":\"BreadcrumbList\",\"@id\":\"https:\/\/www.vondelmolen.be\/fr\/sitemap\/#breadcrumb\",\"itemListElement\":[{\"@type\":\"ListItem\",\"position\":1,\"name\":\"Home\",\"item\":\"https:\/\/www.vondelmolen.be\/fr\/\"},{\"@type\":\"ListItem\",\"position\":2,\"name\":\"Sitemap\"}]},{\"@type\":\"WebSite\",\"@id\":\"https:\/\/www.vondelmolen.be\/fr\/#website\",\"url\":\"https:\/\/www.vondelmolen.be\/fr\/\",\"name\":\"Vondelmolen\",\"description\":\"Grootste producent van peperkoek in Belgi\u00eb\",\"publisher\":{\"@id\":\"https:\/\/www.vondelmolen.be\/fr\/#organization\"},\"potentialAction\":[{\"@type\":\"SearchAction\",\"target\":{\"@type\":\"EntryPoint\",\"urlTemplate\":\"https:\/\/www.vondelmolen.be\/fr\/?s={search_term_string}\"},\"query-input\":{\"@type\":\"PropertyValueSpecification\",\"valueRequired\":true,\"valueName\":\"search_term_string\"}}],\"inLanguage\":\"fr-FR\"},{\"@type\":\"Organization\",\"@id\":\"https:\/\/www.vondelmolen.be\/fr\/#organization\",\"name\":\"Vondelmolen\",\"url\":\"https:\/\/www.vondelmolen.be\/fr\/\",\"logo\":{\"@type\":\"ImageObject\",\"inLanguage\":\"fr-FR\",\"@id\":\"https:\/\/www.vondelmolen.be\/fr\/#\/schema\/logo\/image\/\",\"url\":\"https:\/\/vondelmolen.be\/wp-content\/uploads\/2022\/09\/Group-2.png\",\"contentUrl\":\"https:\/\/vondelmolen.be\/wp-content\/uploads\/2022\/09\/Group-2.png\",\"width\":193,\"height\":44,\"caption\":\"Vondelmolen\"},\"image\":{\"@id\":\"https:\/\/www.vondelmolen.be\/fr\/#\/schema\/logo\/image\/\"},\"sameAs\":[\"https:\/\/www.facebook.com\/vondelmolen\",\"https:\/\/www.instagram.com\/vondelmolen\/\"]}]}<\/script>\n<!-- \/ Yoast SEO plugin. -->","yoast_head_json":{"title":"Sitemap - Vondelmolen","robots":{"index":"index","follow":"follow","max-snippet":"max-snippet:-1","max-image-preview":"max-image-preview:large","max-video-preview":"max-video-preview:-1"},"canonical":"https:\/\/www.vondelmolen.be\/fr\/sitemap\/","og_locale":"fr_FR","og_type":"article","og_title":"Sitemap - Vondelmolen","og_url":"https:\/\/www.vondelmolen.be\/fr\/sitemap\/","og_site_name":"Vondelmolen","article_publisher":"https:\/\/www.facebook.com\/vondelmolen","article_modified_time":"2022-09-13T11:16:30+00:00","twitter_card":"summary_large_image","schema":{"@context":"https:\/\/schema.org","@graph":[{"@type":"WebPage","@id":"https:\/\/www.vondelmolen.be\/fr\/sitemap\/","url":"https:\/\/www.vondelmolen.be\/fr\/sitemap\/","name":"Sitemap - Vondelmolen","isPartOf":{"@id":"https:\/\/www.vondelmolen.be\/fr\/#website"},"datePublished":"2020-11-01T15:31:15+00:00","dateModified":"2022-09-13T11:16:30+00:00","breadcrumb":{"@id":"https:\/\/www.vondelmolen.be\/fr\/sitemap\/#breadcrumb"},"inLanguage":"fr-FR","potentialAction":[{"@type":"ReadAction","target":["https:\/\/www.vondelmolen.be\/fr\/sitemap\/"]}]},{"@type":"BreadcrumbList","@id":"https:\/\/www.vondelmolen.be\/fr\/sitemap\/#breadcrumb","itemListElement":[{"@type":"ListItem","position":1,"name":"Home","item":"https:\/\/www.vondelmolen.be\/fr\/"},{"@type":"ListItem","position":2,"name":"Sitemap"}]},{"@type":"WebSite","@id":"https:\/\/www.vondelmolen.be\/fr\/#website","url":"https:\/\/www.vondelmolen.be\/fr\/","name":"Vondelmolen","description":"Grootste producent van peperkoek in Belgi\u00eb","publisher":{"@id":"https:\/\/www.vondelmolen.be\/fr\/#organization"},"potentialAction":[{"@type":"SearchAction","target":{"@type":"EntryPoint","urlTemplate":"https:\/\/www.vondelmolen.be\/fr\/?s={search_term_string}"},"query-input":{"@type":"PropertyValueSpecification","valueRequired":true,"valueName":"search_term_string"}}],"inLanguage":"fr-FR"},{"@type":"Organization","@id":"https:\/\/www.vondelmolen.be\/fr\/#organization","name":"Vondelmolen","url":"https:\/\/www.vondelmolen.be\/fr\/","logo":{"@type":"ImageObject","inLanguage":"fr-FR","@id":"https:\/\/www.vondelmolen.be\/fr\/#\/schema\/logo\/image\/","url":"https:\/\/vondelmolen.be\/wp-content\/uploads\/2022\/09\/Group-2.png","contentUrl":"https:\/\/vondelmolen.be\/wp-content\/uploads\/2022\/09\/Group-2.png","width":193,"height":44,"caption":"Vondelmolen"},"image":{"@id":"https:\/\/www.vondelmolen.be\/fr\/#\/schema\/logo\/image\/"},"sameAs":["https:\/\/www.facebook.com\/vondelmolen","https:\/\/www.instagram.com\/vondelmolen\/"]}]}},"_links":{"self":[{"href":"https:\/\/www.vondelmolen.be\/fr\/wp-json\/wp\/v2\/pages\/595","targetHints":{"allow":["GET"]}}],"collection":[{"href":"https:\/\/www.vondelmolen.be\/fr\/wp-json\/wp\/v2\/pages"}],"about":[{"href":"https:\/\/www.vondelmolen.be\/fr\/wp-json\/wp\/v2\/types\/page"}],"author":[{"embeddable":true,"href":"https:\/\/www.vondelmolen.be\/fr\/wp-json\/wp\/v2\/users\/1"}],"replies":[{"embeddable":true,"href":"https:\/\/www.vondelmolen.be\/fr\/wp-json\/wp\/v2\/comments?post=595"}],"version-history":[{"count":0,"href":"https:\/\/www.vondelmolen.be\/fr\/wp-json\/wp\/v2\/pages\/595\/revisions"}],"wp:attachment":[{"href":"https:\/\/www.vondelmolen.be\/fr\/wp-json\/wp\/v2\/media?parent=595"}],"curies":[{"name":"wp","href":"https:\/\/api.w.org\/{rel}","templated":true}]}}