{"id":699,"date":"2022-10-14T13:15:11","date_gmt":"2022-10-14T11:15:11","guid":{"rendered":"https:\/\/vondelmolen.be\/?page_id=699"},"modified":"2022-12-15T07:18:21","modified_gmt":"2022-12-15T05:18:21","slug":"desistement","status":"publish","type":"page","link":"https:\/\/www.vondelmolen.be\/fr\/desistement\/","title":{"rendered":"Disclaimer"},"content":{"rendered":"<p>1. Identit\u00e9 et coordonn\u00e9es de Vondelmolen<\/p>\n<p>1.1 Le site Web disponible \u00e0 l&rsquo;adresse <a href=\"https:\/\/vondelmolen.be\/\" target=\"_new\" rel=\"noopener\">https:\/\/vondelmolen.be<\/a> (ci-apr\u00e8s: le \u00ab Site Web \u00bb) est exploit\u00e9 et est la propri\u00e9t\u00e9 de Vondelmolen NV, dont le num\u00e9ro d&rsquo;entreprise est BE0400.335.925 et dont le si\u00e8ge social est situ\u00e9 \u00e0 9280 Lebbeke, Dendermondsesteenweg 208 (ci-apr\u00e8s: \u00ab Vondelmolen \u00bb, \u00ab nous \u00bb ou \u00ab notre \u00bb).<\/p>\n<p>1.2. Informations et d\u00e9tails de Vondelmolen:<\/p>\n<p>Forme juridique: NV<br \/>\nNom de l&rsquo;entreprise: Vondelmolen<br \/>\nSi\u00e8ge social: Dendermondsesteenweg 208, 9280 Lebbeke<br \/>\nNum\u00e9ro de TVA: BE0400.335.925<br \/>\nNum\u00e9ro de t\u00e9l\u00e9phone: +32 (0)52 40 90 40<br \/>\nE-mail: <a href=\"mailto:dpo@vondelmolen.be\" target=\"_new\" rel=\"noopener\">dpo@vondelmolen.be<\/a><br \/>\nHyperlien(s) Site Web: <a href=\"https:\/\/vondelmolen.be\/\" target=\"_new\" rel=\"noopener\">https:\/\/vondelmolen.be<\/a><\/p>\n<p>2. Applicabilit\u00e9 de ces conditions d&rsquo;utilisation<\/p>\n<p>2.1. Ces termes et conditions s&rsquo;appliquent exclusivement \u00e0 l&rsquo;utilisation du site Web. Les pr\u00e9sentes conditions d&rsquo;utilisation ne couvrent en aucune mani\u00e8re les politiques d&rsquo;utilisation en vigueur aupr\u00e8s d&rsquo;autres prestataires de services que vous pourriez utiliser sur ou via le site Web.<\/p>\n<p>2.2. Avant de pouvoir utiliser (les services) du site Web, vous devez explicitement, pleinement et irr\u00e9vocablement indiquer votre accord avec (l&rsquo;application) de ces conditions d&rsquo;utilisation en cliquant sur le bouton \u00abok\u00bb. Le texte des pr\u00e9sentes conditions d&rsquo;utilisation peut \u00eatre consult\u00e9 \u00e0 tout moment sous \u00abConditions d&rsquo;utilisation &#8211; Avertissement\u00bb sur le site Web.<\/p>\n<p>2.3. Toute nullit\u00e9 ou inapplicabilit\u00e9 d&rsquo;une ou plusieurs dispositions des pr\u00e9sentes conditions d&rsquo;utilisation ne doit pas entra\u00eener la nullit\u00e9 de l&rsquo;ensemble des pr\u00e9sentes conditions d&rsquo;utilisation.<\/p>\n<p>2.4. Vondelmolen se r\u00e9serve le droit de modifier ces termes et conditions \u00e0 tout moment. Les changements seront annonc\u00e9s sur le site Web et\/ou par des moyens \u00e9lectroniques. L&rsquo;utilisation continue du site Web sera consid\u00e9r\u00e9e comme une acceptation des nouveaux termes et conditions. Ces termes et conditions ont \u00e9t\u00e9 mis \u00e0 jour le 1\/12\/2022.<\/p>\n<p>2.5. Ces conditions d&rsquo;utilisation restent applicables sans pr\u00e9judice de l&rsquo;application des dispositions l\u00e9gales imp\u00e9ratives visant \u00e0 prot\u00e9ger les consommateurs (en particulier les dispositions pertinentes du Code \u00e9conomique belge (CEL)).<\/p>\n<p>3. Conditions d&rsquo;utilisation<\/p>\n<p>3.1. Informations et contenu sur le site Web<\/p>\n<p>Vondelmolen s&rsquo;efforce de veiller \u00e0 ce que les informations sur le site Web, c&rsquo;est-\u00e0-dire toutes les donn\u00e9es et les informations dans le sens le plus large, y compris les photos, les films, les textes, etc. soient pr\u00e9cises, compl\u00e8tes et \u00e0 jour. Malgr\u00e9 nos meilleurs efforts, il peut cependant y avoir des inexactitudes pour lesquelles Vondelmolen ne peut \u00eatre tenu responsable.<\/p>\n<p>Vondelmolen ne peut exclure la possibilit\u00e9 de dysfonctionnements, d&rsquo;interruptions ou d&rsquo;erreurs techniques qui peuvent limiter ou emp\u00eacher l&rsquo;acc\u00e8s au site Web.<\/p>\n<p>La information sur ce site web est de nature g\u00e9n\u00e9rale et indicative, ne s&rsquo;applique pas aux circonstances personnelles ou sp\u00e9cifiques, ne peut pas \u00eatre consid\u00e9r\u00e9e comme un conseil personnalis\u00e9 ou une entreprise contractuelle (r\u00e9sultats) et ne peut pas donner lieu \u00e0 une indemnisation ou \u00e0 la r\u00e9siliation du contrat avec Vondelmolen. L&rsquo;information sur le site web est disponible dans la condition dans laquelle elle est consult\u00e9e sans aucune garantie \u00e0 cet \u00e9gard. L&rsquo;utilisation du site web et de l&rsquo;information qu&rsquo;il contient est donc enti\u00e8rement \u00e0 la seule responsabilit\u00e9 et risque de l&rsquo;utilisateur. Vous reconnaissez et acceptez que les obligations de Vondelmolen en ce qui concerne le fonctionnement et le contenu du site web ne sont qu&rsquo;une obligation de faire de son mieux.<\/p>\n<p>Vous vous engagez \u00e0 utiliser le site web uniquement \u00e0 des fins l\u00e9gitimes.<\/p>\n<p>3.2. Vos obligations<\/p>\n<p>3.2.1. Vous devez avoir une connexion Internet solide et stable, ainsi que du mat\u00e9riel et des logiciels adapt\u00e9s au site web (et \u00e0 ses services). Vous devez \u00e9galement avoir une protection antivirus, antispyware et pare-feu suffisamment ad\u00e9quate et mise \u00e0 jour sur vos syst\u00e8mes.<\/p>\n<p>3.2.2. Si les syst\u00e8mes de Vondelmolen ou ceux de ses mandataires, sous-traitants, fournisseurs externes ou prestataires de services et\/ou d&rsquo;autres utilisateurs devaient \u00eatre endommag\u00e9s en raison de l&rsquo;\u00e9change de virus informatiques ou d&rsquo;autres fichiers dangereux, vous \u00eates seul, enti\u00e8rement et compl\u00e8tement responsable vis-\u00e0-vis de Vondelmolen et vous devrez indemniser pleinement Vondelmolen, en termes de principal, d&rsquo;int\u00e9r\u00eats et (frais) juridiques, contre toute r\u00e9clamation de tiers (y compris mandataires, sous-traitants, fournisseurs externes ou prestataires de services et utilisateurs de Vondelmolen) qui pourraient subir des dommages en cons\u00e9quence.<\/p>\n<p>4. Traitement des donn\u00e9es personnelles<\/p>\n<p>Vondelmolen veillera \u00e0 votre vie priv\u00e9e et proc\u00e9dera conform\u00e9ment aux dispositions des r\u00e8glements de protection des donn\u00e9es applicables. Pour plus d&rsquo;informations sur le traitement et la protection de vos donn\u00e9es personnelles sur ou via le site web, vous pouvez consulter la politique de confidentialit\u00e9 sur : <a href=\"https:\/\/vondelmolen.be\/fr\/privacy-policy\" target=\"_new\" rel=\"noopener\">https:\/\/vondelmolen.be\/fr\/privacy-policy<\/a><\/p>\n<p>5. Responsabilit\u00e9<\/p>\n<div class=\"flex-1 overflow-hidden\">\n<div class=\"react-scroll-to-bottom--css-qhsdx-79elbk h-full dark:bg-gray-800\">\n<div class=\"react-scroll-to-bottom--css-qhsdx-1n7m0yu\">\n<div class=\"flex flex-col items-center text-sm h-full dark:bg-gray-800\">\n<div class=\"w-full border-b border-black\/10 dark:border-gray-900\/50 text-gray-800 dark:text-gray-100 group bg-gray-50 dark:bg-[#444654]\">\n<div class=\"text-base gap-6 m-auto md:max-w-2xl lg:max-w-2xl xl:max-w-3xl p-4 md:py-6 flex lg:px-0\">\n<div class=\"relative flex w-full flex-col lg:w-[calc(100%-115px)]\">\n<div class=\"min-h-[20px] flex flex-col items-start gap-4 whitespace-pre-wrap\">\n<div class=\"request-:R3d6:-3 markdown prose break-words dark:prose-invert light\">\n<p>5.1. Vondelmolen n&rsquo;est en aucun cas responsable de :<\/p>\n<p>la qualit\u00e9, la compl\u00e9tude, l&rsquo;exactitude, l&rsquo;aptitude ou la forme de l&rsquo;information sur ou g\u00e9n\u00e9r\u00e9e par le site web ou d&rsquo;autres sites web ou applications externes accessibles via des liens hypertextes autoris\u00e9s sur le site web ; toute d\u00e9cision prise ou processus cr\u00e9\u00e9 par vous sur la base de l&rsquo;information sur le site web ; tout dysfonctionnement, interruption, erreur technique, man\u0153uvre technique incorrecte, intervention interdite (en d&rsquo;autres termes : pirates informatiques), virus, etc. sur le site web ; (le fonctionnement et\/ou la disponibilit\u00e9 de) logiciels et\/ou applications de tierces parties ou les cons\u00e9quences li\u00e9es au t\u00e9l\u00e9chargement et\/ou \u00e0 l&rsquo;utilisation du site web ; des dommages indirects ou cons\u00e9cutifs (y compris, mais sans s&rsquo;y limiter, les pertes de temps, les occasions manqu\u00e9es, les pertes de b\u00e9n\u00e9fices, la perte de revenu, les dommages \u00e9motionnels, etc.) ; des incidents de force majeure ; des erreurs mineures qui ne sont pas d\u00e9lib\u00e9r\u00e9es ou des erreurs graves \u00e9quivalant \u00e0 une fraude intentionnelle.<\/p>\n<p>5.2. Vondelmolen n&rsquo;est pas tenu de verser des indemnit\u00e9s s\u00e9par\u00e9ment ou solidairement avec des tiers.<\/p>\n<p>6. Propri\u00e9t\u00e9 intellectuelle<\/p>\n<\/div>\n<\/div>\n<div class=\"text-gray-400 flex self-end lg:self-center justify-center mt-2 gap-4 lg:gap-1 lg:absolute lg:top-0 lg:translate-x-full lg:right-0 lg:mt-0 lg:pl-2\">\n<p>6.1. Le site web, ses \u00e9l\u00e9ments et toute l&rsquo;information et\/ou le contenu qu&rsquo;il contient, li\u00e9s \u00e0 et\/ou g\u00e9n\u00e9r\u00e9s par le site web, y compris, mais sans s&rsquo;y limiter, tous les textes, images, logos, graphiques, formules, fichiers vid\u00e9o, fichiers audio, codes HTML, logiciels, bases de donn\u00e9es, le design ou toute autre cr\u00e9ation, contenu ou information sur ou li\u00e9e au site web, sont la propri\u00e9t\u00e9 intellectuelle exclusive de Vondelmolen ou de ses fournisseurs de licences et ne peuvent \u00eatre reproduits ou diffus\u00e9s au public qu&rsquo;apr\u00e8s une autorisation explicite, \u00e9crite et pr\u00e9alable de Vondelmolen ou de ses fournisseurs de licences.<\/p>\n<p>En d&rsquo;autres termes, en tout temps (y compris apr\u00e8s la r\u00e9siliation du contrat avec Vondelmolen), le site web (ou ses composants), y compris toute information li\u00e9e au site web et\/ou le contenu du site web, ne peut \u00eatre reproduit ou partag\u00e9 avec le public de quelque mani\u00e8re que ce soit, sans l&rsquo;autorisation expresse, \u00e9crite et pr\u00e9alable de Vondelmolen ou de ses fournisseurs de licences.<\/p>\n<\/div>\n<\/div>\n<\/div>\n<\/div>\n<div class=\"w-full h-48 flex-shrink-0\">\n<p>6.2. Rien dans les pr\u00e9sentes conditions g\u00e9n\u00e9rales ne peut \u00eatre interpr\u00e9t\u00e9 comme une licence ou un transfert des droits de propri\u00e9t\u00e9 intellectuelle de Vondelmolen \u00e0 votre \u00e9gard.<\/p>\n<p>6.3. Vous reconnaissez et acceptez que les services propos\u00e9s sur le site web peuvent utiliser des logiciels libres ou gratuits sous licence qui pourraient comporter des dispositions qui priment sur ces conditions.<\/p>\n<p>6.4. Vous reconnaissez et acceptez que les informations ou le contenu sur le site web pourraient \u00eatre prot\u00e9g\u00e9s par les droits de propri\u00e9t\u00e9 intellectuelle de tiers. Vous d\u00e9clarez par la pr\u00e9sente votre volont\u00e9 de respecter cela et de d\u00e9dommager Vondelmolen en termes de principal, d&rsquo;int\u00e9r\u00eats et (frais) juridiques en cas de violation des droits de propri\u00e9t\u00e9 intellectuelle de tiers commise par vous dans ce contexte.<\/p>\n<\/div>\n<\/div>\n<p>7. R\u00e9clamations<\/p>\n<p>Les r\u00e9clamations d\u00e9coulant du site web ou de l&rsquo;application des conditions g\u00e9n\u00e9rales en vigueur peuvent \u00eatre signal\u00e9es \u00e0 Vondelmolen par e-mail \u00e0 <a href=\"mailto:dpo@vondelmolen.be\" target=\"_new\" rel=\"noopener\">dpo@vondelmolen.be<\/a>.<\/p>\n<\/div>\n<\/div>\n<\/div>\n<div class=\"absolute bottom-0 left-0 w-full dark:border-transparent bg-vert-light-gradient dark:bg-vert-dark-gradient\">\n<form class=\"stretch mx-2 flex flex-row gap-3 pt-2 last:mb-2 md:last:mb-6 lg:mx-auto lg:max-w-3xl lg:pt-6\">\n<div class=\"relative flex h-full flex-1 flex-col\">\n<div class=\"w-full flex gap-2 justify-center mb-3\">\n<p>8. Droit applicable et tribunaux comp\u00e9tents<\/p>\n<p>Tous les litiges concernant l&rsquo;interpr\u00e9tation ou l&rsquo;application des pr\u00e9sentes conditions g\u00e9n\u00e9rales ou r\u00e9sultant de toute utilisation du site web sont soumis au droit belge et rel\u00e8vent de la comp\u00e9tence exclusive du tribunal de Gand, sauf si la loi stipule la comp\u00e9tence d&rsquo;autres tribunaux.<\/p>\n<p>9. Coordoonn\u00e9es de Vondelmolen<\/p>\n<p>Pour plus d&rsquo;informations, commentaires ou r\u00e9clamations, l&rsquo;utilisateur peut contacter Vondelmolen aux coordonn\u00e9es suivantes :<\/p>\n<p>Adresse : Dendermondsesteenweg 208, 9280 Lebbeke E-mail : <a href=\"mailto:dpo@Vondelmolen.be\" target=\"_new\" rel=\"noopener\">dpo@Vondelmolen.be<\/a> Num\u00e9ro de t\u00e9l\u00e9phone : +32 (0)52 40 90 40<\/p>\n<\/div>\n<\/div>\n<\/form>\n<\/div>\n","protected":false},"excerpt":{"rendered":"<p>1. Identit\u00e9 et coordonn\u00e9es de Vondelmolen 1.1 Le site Web disponible \u00e0 l&rsquo;adresse https:\/\/vondelmolen.be (ci-apr\u00e8s: le \u00ab Site Web \u00bb)&#8230;<\/p>\n","protected":false},"author":1,"featured_media":0,"parent":0,"menu_order":0,"comment_status":"closed","ping_status":"closed","template":"","meta":{"_acf_changed":false,"inline_featured_image":false,"footnotes":""},"class_list":["post-699","page","type-page","status-publish","hentry"],"acf":[],"yoast_head":"<!-- This site is optimized with the Yoast SEO plugin v27.0 - https:\/\/yoast.com\/product\/yoast-seo-wordpress\/ -->\n<title>Disclaimer - Vondelmolen<\/title>\n<meta name=\"robots\" content=\"noindex, nofollow\" \/>\n<meta property=\"og:locale\" content=\"fr_FR\" \/>\n<meta property=\"og:type\" content=\"article\" \/>\n<meta property=\"og:title\" content=\"Disclaimer - Vondelmolen\" \/>\n<meta property=\"og:description\" content=\"1. Identit\u00e9 et coordonn\u00e9es de Vondelmolen 1.1 Le site Web disponible \u00e0 l&rsquo;adresse https:\/\/vondelmolen.be (ci-apr\u00e8s: le \u00ab Site Web \u00bb)...\" \/>\n<meta property=\"og:url\" content=\"https:\/\/www.vondelmolen.be\/fr\/desistement\/\" \/>\n<meta property=\"og:site_name\" content=\"Vondelmolen\" \/>\n<meta property=\"article:publisher\" content=\"https:\/\/www.facebook.com\/vondelmolen\" \/>\n<meta property=\"article:modified_time\" content=\"2022-12-15T05:18:21+00:00\" \/>\n<meta name=\"twitter:card\" content=\"summary_large_image\" \/>\n<meta name=\"twitter:label1\" content=\"Dur\u00e9e de lecture estim\u00e9e\" \/>\n\t<meta name=\"twitter:data1\" content=\"6 minutes\" \/>\n<script type=\"application\/ld+json\" class=\"yoast-schema-graph\">{\"@context\":\"https:\/\/schema.org\",\"@graph\":[{\"@type\":\"WebPage\",\"@id\":\"https:\/\/www.vondelmolen.be\/fr\/desistement\/\",\"url\":\"https:\/\/www.vondelmolen.be\/fr\/desistement\/\",\"name\":\"Disclaimer - Vondelmolen\",\"isPartOf\":{\"@id\":\"https:\/\/www.vondelmolen.be\/fr\/#website\"},\"datePublished\":\"2022-10-14T11:15:11+00:00\",\"dateModified\":\"2022-12-15T05:18:21+00:00\",\"breadcrumb\":{\"@id\":\"https:\/\/www.vondelmolen.be\/fr\/desistement\/#breadcrumb\"},\"inLanguage\":\"fr-FR\",\"potentialAction\":[{\"@type\":\"ReadAction\",\"target\":[\"https:\/\/www.vondelmolen.be\/fr\/desistement\/\"]}]},{\"@type\":\"BreadcrumbList\",\"@id\":\"https:\/\/www.vondelmolen.be\/fr\/desistement\/#breadcrumb\",\"itemListElement\":[{\"@type\":\"ListItem\",\"position\":1,\"name\":\"Home\",\"item\":\"https:\/\/www.vondelmolen.be\/fr\/\"},{\"@type\":\"ListItem\",\"position\":2,\"name\":\"Disclaimer\"}]},{\"@type\":\"WebSite\",\"@id\":\"https:\/\/www.vondelmolen.be\/fr\/#website\",\"url\":\"https:\/\/www.vondelmolen.be\/fr\/\",\"name\":\"Vondelmolen\",\"description\":\"Grootste producent van peperkoek in Belgi\u00eb\",\"publisher\":{\"@id\":\"https:\/\/www.vondelmolen.be\/fr\/#organization\"},\"potentialAction\":[{\"@type\":\"SearchAction\",\"target\":{\"@type\":\"EntryPoint\",\"urlTemplate\":\"https:\/\/www.vondelmolen.be\/fr\/?s={search_term_string}\"},\"query-input\":{\"@type\":\"PropertyValueSpecification\",\"valueRequired\":true,\"valueName\":\"search_term_string\"}}],\"inLanguage\":\"fr-FR\"},{\"@type\":\"Organization\",\"@id\":\"https:\/\/www.vondelmolen.be\/fr\/#organization\",\"name\":\"Vondelmolen\",\"url\":\"https:\/\/www.vondelmolen.be\/fr\/\",\"logo\":{\"@type\":\"ImageObject\",\"inLanguage\":\"fr-FR\",\"@id\":\"https:\/\/www.vondelmolen.be\/fr\/#\/schema\/logo\/image\/\",\"url\":\"https:\/\/vondelmolen.be\/wp-content\/uploads\/2022\/09\/Group-2.png\",\"contentUrl\":\"https:\/\/vondelmolen.be\/wp-content\/uploads\/2022\/09\/Group-2.png\",\"width\":193,\"height\":44,\"caption\":\"Vondelmolen\"},\"image\":{\"@id\":\"https:\/\/www.vondelmolen.be\/fr\/#\/schema\/logo\/image\/\"},\"sameAs\":[\"https:\/\/www.facebook.com\/vondelmolen\",\"https:\/\/www.instagram.com\/vondelmolen\/\"]}]}<\/script>\n<!-- \/ Yoast SEO plugin. -->","yoast_head_json":{"title":"Disclaimer - Vondelmolen","robots":{"index":"noindex","follow":"nofollow"},"og_locale":"fr_FR","og_type":"article","og_title":"Disclaimer - Vondelmolen","og_description":"1. Identit\u00e9 et coordonn\u00e9es de Vondelmolen 1.1 Le site Web disponible \u00e0 l&rsquo;adresse https:\/\/vondelmolen.be (ci-apr\u00e8s: le \u00ab Site Web \u00bb)...","og_url":"https:\/\/www.vondelmolen.be\/fr\/desistement\/","og_site_name":"Vondelmolen","article_publisher":"https:\/\/www.facebook.com\/vondelmolen","article_modified_time":"2022-12-15T05:18:21+00:00","twitter_card":"summary_large_image","twitter_misc":{"Dur\u00e9e de lecture estim\u00e9e":"6 minutes"},"schema":{"@context":"https:\/\/schema.org","@graph":[{"@type":"WebPage","@id":"https:\/\/www.vondelmolen.be\/fr\/desistement\/","url":"https:\/\/www.vondelmolen.be\/fr\/desistement\/","name":"Disclaimer - Vondelmolen","isPartOf":{"@id":"https:\/\/www.vondelmolen.be\/fr\/#website"},"datePublished":"2022-10-14T11:15:11+00:00","dateModified":"2022-12-15T05:18:21+00:00","breadcrumb":{"@id":"https:\/\/www.vondelmolen.be\/fr\/desistement\/#breadcrumb"},"inLanguage":"fr-FR","potentialAction":[{"@type":"ReadAction","target":["https:\/\/www.vondelmolen.be\/fr\/desistement\/"]}]},{"@type":"BreadcrumbList","@id":"https:\/\/www.vondelmolen.be\/fr\/desistement\/#breadcrumb","itemListElement":[{"@type":"ListItem","position":1,"name":"Home","item":"https:\/\/www.vondelmolen.be\/fr\/"},{"@type":"ListItem","position":2,"name":"Disclaimer"}]},{"@type":"WebSite","@id":"https:\/\/www.vondelmolen.be\/fr\/#website","url":"https:\/\/www.vondelmolen.be\/fr\/","name":"Vondelmolen","description":"Grootste producent van peperkoek in Belgi\u00eb","publisher":{"@id":"https:\/\/www.vondelmolen.be\/fr\/#organization"},"potentialAction":[{"@type":"SearchAction","target":{"@type":"EntryPoint","urlTemplate":"https:\/\/www.vondelmolen.be\/fr\/?s={search_term_string}"},"query-input":{"@type":"PropertyValueSpecification","valueRequired":true,"valueName":"search_term_string"}}],"inLanguage":"fr-FR"},{"@type":"Organization","@id":"https:\/\/www.vondelmolen.be\/fr\/#organization","name":"Vondelmolen","url":"https:\/\/www.vondelmolen.be\/fr\/","logo":{"@type":"ImageObject","inLanguage":"fr-FR","@id":"https:\/\/www.vondelmolen.be\/fr\/#\/schema\/logo\/image\/","url":"https:\/\/vondelmolen.be\/wp-content\/uploads\/2022\/09\/Group-2.png","contentUrl":"https:\/\/vondelmolen.be\/wp-content\/uploads\/2022\/09\/Group-2.png","width":193,"height":44,"caption":"Vondelmolen"},"image":{"@id":"https:\/\/www.vondelmolen.be\/fr\/#\/schema\/logo\/image\/"},"sameAs":["https:\/\/www.facebook.com\/vondelmolen","https:\/\/www.instagram.com\/vondelmolen\/"]}]}},"_links":{"self":[{"href":"https:\/\/www.vondelmolen.be\/fr\/wp-json\/wp\/v2\/pages\/699","targetHints":{"allow":["GET"]}}],"collection":[{"href":"https:\/\/www.vondelmolen.be\/fr\/wp-json\/wp\/v2\/pages"}],"about":[{"href":"https:\/\/www.vondelmolen.be\/fr\/wp-json\/wp\/v2\/types\/page"}],"author":[{"embeddable":true,"href":"https:\/\/www.vondelmolen.be\/fr\/wp-json\/wp\/v2\/users\/1"}],"replies":[{"embeddable":true,"href":"https:\/\/www.vondelmolen.be\/fr\/wp-json\/wp\/v2\/comments?post=699"}],"version-history":[{"count":9,"href":"https:\/\/www.vondelmolen.be\/fr\/wp-json\/wp\/v2\/pages\/699\/revisions"}],"predecessor-version":[{"id":5165,"href":"https:\/\/www.vondelmolen.be\/fr\/wp-json\/wp\/v2\/pages\/699\/revisions\/5165"}],"wp:attachment":[{"href":"https:\/\/www.vondelmolen.be\/fr\/wp-json\/wp\/v2\/media?parent=699"}],"curies":[{"name":"wp","href":"https:\/\/api.w.org\/{rel}","templated":true}]}}